{"id":1482,"date":"2025-02-18T15:40:13","date_gmt":"2025-02-18T14:40:13","guid":{"rendered":"https:\/\/wakacje-we-francji.pl\/?page_id=1482"},"modified":"2025-03-27T15:21:42","modified_gmt":"2025-03-27T14:21:42","slug":"wycieczka-autokarowa-lazurowe-wybrzeze","status":"publish","type":"page","link":"https:\/\/wakacje-we-francji.pl\/en\/wycieczka-autokarowa-lazurowe-wybrzeze\/","title":{"rendered":"Wycieczka autokarowa Lazurowe Wybrze\u017ce"},"content":{"rendered":"<div class=\"wp-block-uagb-advanced-heading uagb-block-ae2b9ab2\"><h2 class=\"uagb-heading-text\"><a href=\"https:\/\/wakacje-we-francji.pl\/en\/wycieczka-na-lazurowe-wybrzeze\/\"><strong>Wycieczka na Lazurowe Wybrze\u017ce&nbsp;<br>od 30.05 do 08.06.2025&nbsp;<\/strong><\/a><\/h2><\/div>\n\n\n\n<p><\/p>\n\n\n\n<p><\/p>\n\n\n\n<div class=\"wp-block-uagb-container uagb-block-nao1vvfk alignfull uagb-is-root-container\"><div class=\"uagb-container-inner-blocks-wrap\">\n<div class=\"wp-block-uagb-image alignleft uagb-block-vcby2xjo wp-block-uagb-image--layout-default wp-block-uagb-image--effect-static wp-block-uagb-image--align-left\"><figure class=\"wp-block-uagb-image__figure\"><img loading=\"lazy\" decoding=\"async\" srcset=\"https:\/\/wakacje-we-francji.pl\/wp-content\/uploads\/2025\/02\/Zrzut-ekranu-2025-02-18-o-10.25.14.png ,https:\/\/wakacje-we-francji.pl\/wp-content\/uploads\/2025\/02\/Zrzut-ekranu-2025-02-18-o-10.25.14.png 780w, https:\/\/wakacje-we-francji.pl\/wp-content\/uploads\/2025\/02\/Zrzut-ekranu-2025-02-18-o-10.25.14.png 360w\" sizes=\"auto, (max-width: 480px) 150px\" src=\"https:\/\/wakacje-we-francji.pl\/wp-content\/uploads\/2025\/02\/Zrzut-ekranu-2025-02-18-o-10.25.14.png\" alt=\"\" class=\"uag-image-1490\" width=\"455\" height=\"600\" title=\"Zrzut ekranu 2025-02-18 o 10.25.14\" role=\"img\"\/><\/figure><\/div>\n\n\n\n<div class=\"wp-block-uagb-container uagb-block-7ppcmoxd\">\n<div class=\"wp-block-uagb-info-box uagb-block-vo4guyyd uagb-infobox__content-wrap  uagb-infobox-icon-above-title uagb-infobox-image-valign-top wp-block-uagb-info-box--has-margin\"><div class=\"uagb-infobox-margin-wrapper\"><div class=\"uagb-ifb-content\"><div class=\"uagb-ifb-title-wrap\"><p class=\"uagb-ifb-title-prefix\">                 <\/p><h2 class=\"uagb-ifb-title\">Wycieczka na Lazurowe Wybrze\u017ce<\/h2><\/div><\/div><\/div><\/div>\n\n\n\n<div class=\"wp-block-uagb-info-box uagb-block-0msfyid0 uagb-infobox__content-wrap  uagb-infobox-icon-left-title uagb-infobox-left uagb-infobox-image-valign-top\"><div class=\"uagb-ifb-content\"><div class=\"uagb-ifb-left-title-image\"><div class=\"uagb-ifb-icon-wrap\"><svg xmlns=\"https:\/\/www.w3.org\/2000\/svg\" viewbox=\"0 0 448 512\"><path d=\"M438.6 105.4C451.1 117.9 451.1 138.1 438.6 150.6L182.6 406.6C170.1 419.1 149.9 419.1 137.4 406.6L9.372 278.6C-3.124 266.1-3.124 245.9 9.372 233.4C21.87 220.9 42.13 220.9 54.63 233.4L159.1 338.7L393.4 105.4C405.9 92.88 426.1 92.88 438.6 105.4H438.6z\"><\/path><\/svg><\/div><div class=\"uagb-ifb-title-wrap\"><h3 class=\"uagb-ifb-title\"><sub>Termin: 30.05 \u2013 08.06.2025<\/sub><\/h3><\/div><\/div><div class=\"uagb-ifb-separator\"><\/div><\/div><\/div>\n<\/div>\n<\/div><\/div>\n\n\n\n<div class=\"wp-block-uagb-container uagb-block-qwlan62b alignfull uagb-is-root-container\"><div class=\"uagb-container-inner-blocks-wrap\">\n<div class=\"wp-block-uagb-info-box uagb-block-7833a5d1 uagb-infobox__content-wrap  uagb-infobox-icon-above-title uagb-infobox-image-valign-top\"><div class=\"uagb-ifb-content\"><div class=\"uagb-ifb-title-wrap\"><h3 class=\"uagb-ifb-title-prefix\"><strong>Lazurowe Wybrze\u017ce<\/strong> &#8211;<\/h3><p class=\"uagb-ifb-title\">po francusku C\u00f4te d\u2019Azur \u2013 to jedno z najbardziej malowniczych i ekskluzywnych miejsc na \u015bwiecie. To nie tylko pla\u017ce i s\u0142o\u0144ce, ale tak\u017ce bogata historia, kultura i luksus, kt\u00f3ry przyci\u0105ga artyst\u00f3w, celebryt\u00f3w i podr\u00f3\u017cnik\u00f3w z ca\u0142ego \u015bwiata. Podczas tej wycieczki m\u0142odzie\u017c b\u0119dzie mia\u0142a okazj\u0119 pozna\u0107 zar\u00f3wno popularne kurorty, jak i ukryte pere\u0142ki regionu, a tak\u017ce cieszy\u0107 si\u0119 czasem na pla\u017cy i w basenie.<\/p><\/div><\/div><\/div>\n\n\n\n<div class=\"wp-block-uagb-info-box uagb-block-7f651a84 uagb-infobox__content-wrap  uagb-infobox-icon-above-title uagb-infobox-image-valign-top\"><div class=\"uagb-ifb-content\"><div class=\"uagb-ifb-title-wrap\"><h3 class=\"uagb-ifb-title-prefix\"><strong><strong>&nbsp;Program<\/strong><\/strong> &#8211;<\/h3><p class=\"uagb-ifb-title\">30.05 &#8211; 1 dzie\u0144: wyjazd z Warszawy 8h30 ( podstawienie autokaru 8h00 parking przy szkole.<br>31.05 &#8211; 2 dzie\u0144: przyjazd na Lazurowe Wybrze\u017ce po po\u0142udniu, zakwaterowanie&nbsp;<br>i obiadokolacja.<br>01.06 &#8211; 3 dzie\u0144: \u015bniadanie, relaks po podr\u00f3\u017cy, 13:00 lunch, 14:00 wyjazd do <a href=\"https:\/\/wakacje-we-francji.pl\/en\/port-grimaud-st-tropez\/\">Portu Grimaud i Saint Tropez<\/a>. Powr\u00f3t na kolacj\u0119.&nbsp;<br>02.06 &#8211; 4 dzie\u0144: \u015bniadanie, pobranie lunch pakietu, 11:00&nbsp; wyjazd do <a href=\"https:\/\/wakacje-we-francji.pl\/en\/nicea\/\">Nicei<\/a>, <a href=\"https:\/\/wakacje-we-francji.pl\/en\/monaco-i-monte-carlo\/\">Monaco, Monte Carlo<\/a>. Powr\u00f3t ok. 19:00 na kolacje.<br>03.06 &#8211; 5 dzie\u0144: \u015bniadanie, pobranie lunch pakietu, 10:00 wyjazd do <a href=\"https:\/\/wakacje-we-francji.pl\/en\/grasse\/\">Grasse<\/a>&nbsp;<br>i <a href=\"https:\/\/wakacje-we-francji.pl\/en\/kanion-verdon\/\">Canyon Verdon<\/a>. Powr\u00f3t ok. 19:00 na kolacje.<br>04.06 &#8211; 6 dzie\u0144: \u015bniadanie, basen, pobranie lunch pakietu, 12:00 wyjazd do Fr\u00e9jus, zakupy w centrum handlowym, pla\u017cowanie. Powr\u00f3t ok. 19:00 na kolacje.<br>05.06 &#8211; 7 dzie\u0144: \u015bniadanie, pobranie lunch pakietu, 11:00&nbsp; wyjazd do Cannes, Rejs statkiem na Wysp\u0119 \u015awi\u0119tej Ma\u0142gorzaty, zwiedzanie Saint Paul de Vence. Powr\u00f3t ok. 19:00 na kolacje.<br>06.06 &#8211; 8 dzie\u0144: basen, 14:00 lunch, pla\u017ca, sprz\u0105tanie apartament\u00f3w, 19:00 kolacja.<br>07.06 &#8211; 9 dzie\u0144: \u015bniadanie,&nbsp; pobranie lunch pakietu,&nbsp; wykwaterowanie 10 h00<br>&nbsp;i odjazd w kierunku W\u0142och. Po po\u0142udniu przystanek i wycieczka po Wenecji, posi\u0142ek we w\u0142asnym zakresie, nocny przejazd do Polski. Przyjazd do&nbsp; Warszawy w godzinach popo\u0142udniowych.<br><\/p><\/div><\/div><\/div>\n\n\n\n<div class=\"wp-block-uagb-container uagb-layout-flex uagb-block-2po070fc\">\n<figure class=\"wp-block-image is-resized\"><img decoding=\"async\" src=\"https:\/\/lh7-rt.googleusercontent.com\/docsz\/AD_4nXfRpIQfYvjO5SqsmWlDwpwJZ5fvjMYGp9Cs73nBd9Ku1YC8cN5htwK-kn7pCDbgbtS7UjMz33ZENHYrYWYvqsYJ1tSvRXLSloIJw_0X5frOV07MO4gqPBQYXdNzD-Z-C7NZQHKryEreM008vI_BIiA?key=dwlSqjuE3LNWPriwZGjndUS_\" alt=\"\" style=\"width:297px;height:auto\"\/><\/figure>\n\n\n\n<div class=\"wp-block-uagb-info-box uagb-block-bzhdrwup uagb-infobox__content-wrap  uagb-infobox-icon-above-title uagb-infobox-image-valign-top wp-block-uagb-info-box--has-margin\"><div class=\"uagb-infobox-margin-wrapper\"><div class=\"uagb-ifb-content\"><div class=\"uagb-ifb-title-wrap\"><h4 class=\"uagb-ifb-title\"><strong>Gdzie \u015bpimy?<\/strong><\/h4><\/div><p class=\"uagb-ifb-desc\">Zakwaterowanie w Saint-Aygulf, w rezydencji Odalys Domaine des Eucalyptus (3***). Miejsce to po\u0142o\u017cone jest mi\u0119dzy Saint-Tropez a Cannes, co zapewnia \u0142atwy dost\u0119p do najwa\u017cniejszych atrakcji. Do pla\u017cy piaszczystej de la Galiote ok. 2,5 km,<br>Obiekt oferuje sezonowy odkryty basen, ogr\u00f3d.<\/p><\/div><\/div><\/div>\n<\/div>\n\n\n\n<div class=\"wp-block-uagb-container uagb-block-fap59atk\">\n<figure class=\"wp-block-image size-full\"><img decoding=\"async\" width=\"154\" height=\"182\" src=\"https:\/\/wakacje-we-francji.pl\/wp-content\/uploads\/2025\/02\/Screenshot-2025-02-26-at-12-02-47-1.Wycieczka-na-lazurowe-Wybrzeze-30.05-08.06.2025.docx-Dokumenty-Google.png\" alt=\"\" class=\"wp-image-1764\" srcset=\"https:\/\/wakacje-we-francji.pl\/wp-content\/uploads\/2025\/02\/Screenshot-2025-02-26-at-12-02-47-1.Wycieczka-na-lazurowe-Wybrzeze-30.05-08.06.2025.docx-Dokumenty-Google.png 154w, https:\/\/wakacje-we-francji.pl\/wp-content\/uploads\/2025\/02\/Screenshot-2025-02-26-at-12-02-47-1.Wycieczka-na-lazurowe-Wybrzeze-30.05-08.06.2025.docx-Dokumenty-Google-10x12.png 10w\" sizes=\"(max-width: 154px) 100vw, 154px\" \/><\/figure>\n\n\n\n<figure class=\"wp-block-image size-full\"><img decoding=\"async\" width=\"154\" height=\"182\" src=\"https:\/\/wakacje-we-francji.pl\/wp-content\/uploads\/2025\/02\/Screenshot-2025-02-26-at-12-02-56-1.Wycieczka-na-lazurowe-Wybrzeze-30.05-08.06.2025.docx-Dokumenty-Google.png\" alt=\"\" class=\"wp-image-1765\" srcset=\"https:\/\/wakacje-we-francji.pl\/wp-content\/uploads\/2025\/02\/Screenshot-2025-02-26-at-12-02-56-1.Wycieczka-na-lazurowe-Wybrzeze-30.05-08.06.2025.docx-Dokumenty-Google.png 154w, https:\/\/wakacje-we-francji.pl\/wp-content\/uploads\/2025\/02\/Screenshot-2025-02-26-at-12-02-56-1.Wycieczka-na-lazurowe-Wybrzeze-30.05-08.06.2025.docx-Dokumenty-Google-10x12.png 10w\" sizes=\"(max-width: 154px) 100vw, 154px\" \/><\/figure>\n\n\n\n<figure class=\"wp-block-image size-full\"><img decoding=\"async\" width=\"154\" height=\"182\" src=\"https:\/\/wakacje-we-francji.pl\/wp-content\/uploads\/2025\/02\/Screenshot-2025-02-26-at-12-03-04-1.Wycieczka-na-lazurowe-Wybrzeze-30.05-08.06.2025.docx-Dokumenty-Google.png\" alt=\"\" class=\"wp-image-1766\" srcset=\"https:\/\/wakacje-we-francji.pl\/wp-content\/uploads\/2025\/02\/Screenshot-2025-02-26-at-12-03-04-1.Wycieczka-na-lazurowe-Wybrzeze-30.05-08.06.2025.docx-Dokumenty-Google.png 154w, https:\/\/wakacje-we-francji.pl\/wp-content\/uploads\/2025\/02\/Screenshot-2025-02-26-at-12-03-04-1.Wycieczka-na-lazurowe-Wybrzeze-30.05-08.06.2025.docx-Dokumenty-Google-10x12.png 10w\" sizes=\"(max-width: 154px) 100vw, 154px\" \/><\/figure>\n<\/div>\n<\/div><\/div>\n\n\n\n<div class=\"wp-block-uagb-container uagb-block-7fhv8uyi alignfull uagb-is-root-container\"><div class=\"uagb-container-inner-blocks-wrap\">\n<div class=\"wp-block-uagb-container uagb-block-gfpve3w0\">\n<div class=\"wp-block-uagb-info-box uagb-block-nbmibr6v uagb-infobox__content-wrap  uagb-infobox-icon-above-title uagb-infobox-image-valign-top\"><div class=\"uagb-ifb-content\"><div class=\"uagb-ifb-title-wrap\"><h3 class=\"uagb-ifb-title\"><strong><a href=\"https:\/\/wakacje-we-francji.pl\/en\/port-grimaud-st-tropez\/\">Wycieczka do Portu Grimaud i Saint Tropez<\/a><\/strong><\/h3><\/div><p class=\"uagb-ifb-desc\">Grimaud &#8211; nazywane \u201efrancusk\u0105 Wenecj\u0105\u201d, to miasteczko zbudowane na wodzie, z kana\u0142ami zamiast ulic. Podczas rejsu taks\u00f3wk\u0105 wodn\u0105 zobaczymy kolorowe domy, mosty i przystanie.<br>To idealne miejsce na romantyczne zdj\u0119cia! Ciekawostka: Port Grimaud zosta\u0142o zaprojektowane w latach 60. XX wieku przez architekta Fran\u00e7ois Spoerry\u2019ego, kt\u00f3ry inspirowa\u0142 si\u0119 w\u0142oskimi miastami.<br>Saint-Tropez &#8211; to miasto to nie tylko symbol luksusu, ale tak\u017ce miejsce o bogatej historii. W latach 50. i 60. Saint-Tropez sta\u0142o si\u0119 modne dzi\u0119ki aktorce Brigitte Bardot, kt\u00f3ra przyci\u0105gn\u0119\u0142a tu artyst\u00f3w i celebryt\u00f3w. Spaceruj\u0105c w\u0105skimi uliczkami, zobaczymy s\u0142ynny port jachtowy, gdzie cumuj\u0105 najdro\u017csze jednostki na \u015bwiecie. Warto odwiedzi\u0107 tak\u017ce Place des Lices, gdzie odbywaj\u0105 si\u0119 targi i spotykaj\u0105 si\u0119 mieszka\u0144cy. Ciekawostka: W Saint-Tropez kr\u0119cono sceny do film\u00f3w z Louisem de Fun\u00e8sem,&nbsp; <a href=\"https:\/\/pl.wikipedia.org\/wiki\/%C5%BBandarm_z_Saint-Tropez\" data-type=\"link\" data-id=\"https:\/\/pl.wikipedia.org\/wiki\/%C5%BBandarm_z_Saint-Tropez\">https:\/\/pl.wikipedia.org\/wiki\/%C5%BBandarm_z_Saint-Tropez<\/a><\/p><\/div><\/div>\n<\/div>\n\n\n\n<div class=\"wp-block-uagb-container uagb-block-gwfqenuq\">\n<figure class=\"wp-block-image size-full\"><a href=\"https:\/\/wakacje-we-francji.pl\/en\/port-grimaud-st-tropez\/\"><img loading=\"lazy\" decoding=\"async\" width=\"337\" height=\"364\" src=\"https:\/\/wakacje-we-francji.pl\/wp-content\/uploads\/2025\/02\/Screenshot-2025-02-26-at-12-10-39-Lazurowe-St-Tropez-Louis-de-Funes-Szukaj-w-Google.png\" alt=\"\" class=\"wp-image-1770\" srcset=\"https:\/\/wakacje-we-francji.pl\/wp-content\/uploads\/2025\/02\/Screenshot-2025-02-26-at-12-10-39-Lazurowe-St-Tropez-Louis-de-Funes-Szukaj-w-Google.png 337w, https:\/\/wakacje-we-francji.pl\/wp-content\/uploads\/2025\/02\/Screenshot-2025-02-26-at-12-10-39-Lazurowe-St-Tropez-Louis-de-Funes-Szukaj-w-Google-278x300.png 278w, https:\/\/wakacje-we-francji.pl\/wp-content\/uploads\/2025\/02\/Screenshot-2025-02-26-at-12-10-39-Lazurowe-St-Tropez-Louis-de-Funes-Szukaj-w-Google-11x12.png 11w\" sizes=\"(max-width: 337px) 100vw, 337px\" \/><\/a><\/figure>\n<\/div>\n<\/div><\/div>\n\n\n\n<div class=\"wp-block-uagb-container uagb-block-62940c31 alignfull uagb-is-root-container\"><div class=\"uagb-container-inner-blocks-wrap\">\n<div class=\"wp-block-uagb-container uagb-block-46992b07\">\n<div class=\"wp-block-uagb-info-box uagb-block-7b9247b9 uagb-infobox__content-wrap  uagb-infobox-icon-above-title uagb-infobox-image-valign-top\"><div class=\"uagb-ifb-content\"><div class=\"uagb-ifb-title-wrap\"><h3 class=\"uagb-ifb-title\"><strong><strong><a href=\"https:\/\/wakacje-we-francji.pl\/en\/nicea\/\">Wycieczka do Nicei<\/a>, <a href=\"https:\/\/wakacje-we-francji.pl\/en\/monaco-i-monte-carlo\/\">Ksi\u0119stwa Monako i Monte Carlo<\/a><\/strong><\/strong><\/h3><\/div><p class=\"uagb-ifb-desc\">Nicea &#8211; stolica Lazurowego Wybrze\u017ca! Spaceruj\u0105c po Promenadzie Anglik\u00f3w, zobaczymy pi\u0119kne widoki na Zatok\u0119 Anio\u0142\u00f3w. Odwiedzimy tak\u017ce stare miasto z targowiskiem kwiat\u00f3w i owoc\u00f3w oraz wzg\u00f3rze zamkowe, sk\u0105d rozpo\u015bciera si\u0119 panorama miasta. Ciekawostka: Nicea by\u0142a ulubionym miejscem wypoczynku brytyjskiej arystokracji w XIX wieku, st\u0105d nazwa Promenady Anglik\u00f3w.<br>Monte Carlo i Ksi\u0119stwo Monako &#8211; zwiedzimy Ogr\u00f3d Egzotyczny z tysi\u0105cami kaktus\u00f3w, Muzeum Oceanograficzne za\u0142o\u017cone przez ksi\u0119cia Alberta I, oraz Pa\u0142ac Ksi\u0105\u017c\u0119cy, gdzie poznamy histori\u0119 rodziny Grimaldich. Przejedziemy tak\u017ce fragmentem trasy Formu\u0142y 1. Ciekawostka: Monako to drugie najmniejsze pa\u0144stwo na \u015bwiecie, a jego kasyno w Monte Carlo jest jednym z najs\u0142ynniejszych na \u015bwiecie.<\/p><\/div><\/div>\n<\/div>\n\n\n\n<div class=\"wp-block-uagb-container uagb-block-4312179c\">\n<figure class=\"wp-block-image size-full is-resized\"><a href=\"https:\/\/wakacje-we-francji.pl\/en\/nicea\/\"><img loading=\"lazy\" decoding=\"async\" width=\"195\" height=\"283\" src=\"https:\/\/wakacje-we-francji.pl\/wp-content\/uploads\/2025\/02\/Screenshot-2025-02-26-at-12-15-06-1.Wycieczka-na-lazurowe-Wybrzeze-30.05-08.06.2025.docx-Dokumenty-Google-e1740569302422.png\" alt=\"\" class=\"wp-image-1772\" style=\"width:313px;height:auto\" srcset=\"https:\/\/wakacje-we-francji.pl\/wp-content\/uploads\/2025\/02\/Screenshot-2025-02-26-at-12-15-06-1.Wycieczka-na-lazurowe-Wybrzeze-30.05-08.06.2025.docx-Dokumenty-Google-e1740569302422.png 195w, https:\/\/wakacje-we-francji.pl\/wp-content\/uploads\/2025\/02\/Screenshot-2025-02-26-at-12-15-06-1.Wycieczka-na-lazurowe-Wybrzeze-30.05-08.06.2025.docx-Dokumenty-Google-e1740569302422-8x12.png 8w\" sizes=\"(max-width: 195px) 100vw, 195px\" \/><\/a><\/figure>\n<\/div>\n<\/div><\/div>\n\n\n\n<div class=\"wp-block-uagb-container uagb-block-drgkgldf alignfull uagb-is-root-container\"><div class=\"uagb-container-inner-blocks-wrap\">\n<div class=\"wp-block-uagb-image alignleft uagb-block-lm2odqtc wp-block-uagb-image--layout-default wp-block-uagb-image--effect-static wp-block-uagb-image--align-left\"><figure class=\"wp-block-uagb-image__figure\"><a class=\"\" href=\"https:\/\/wakacje-we-francji.pl\/en\/kanion-verdon\/\" target=\"\" rel=\"noopener\"><img loading=\"lazy\" decoding=\"async\" srcset=\"https:\/\/wakacje-we-francji.pl\/wp-content\/uploads\/2025\/02\/Screenshot-2025-02-26-at-12-17-45-kanion-verdon-Szukaj-w-Google.png ,https:\/\/wakacje-we-francji.pl\/wp-content\/uploads\/2025\/02\/Screenshot-2025-02-26-at-12-17-45-kanion-verdon-Szukaj-w-Google.png 780w, https:\/\/wakacje-we-francji.pl\/wp-content\/uploads\/2025\/02\/Screenshot-2025-02-26-at-12-17-45-kanion-verdon-Szukaj-w-Google.png 360w\" sizes=\"auto, (max-width: 480px) 150px\" src=\"https:\/\/wakacje-we-francji.pl\/wp-content\/uploads\/2025\/02\/Screenshot-2025-02-26-at-12-17-45-kanion-verdon-Szukaj-w-Google.png\" alt=\"\" class=\"uag-image-1773\" width=\"706\" height=\"350\" title=\"Screenshot 2025-02-26 at 12-17-45 kanion verdon - Szukaj w Google\" role=\"img\"\/><\/a><\/figure><\/div>\n\n\n\n<div class=\"wp-block-uagb-container uagb-block-ylugcskk\">\n<div class=\"wp-block-uagb-info-box uagb-block-rc9lwrra uagb-infobox__content-wrap  uagb-infobox-icon-above-title uagb-infobox-image-valign-top\"><div class=\"uagb-ifb-content\"><div class=\"uagb-ifb-title-wrap\"><h3 class=\"uagb-ifb-title\"><strong><strong><a href=\"https:\/\/wakacje-we-francji.pl\/en\/grasse\/\">Wycieczka do&nbsp; Grasse&nbsp;<\/a> i <a href=\"https:\/\/wakacje-we-francji.pl\/en\/kanion-verdon\/\">Kanionu Verdon<\/a><\/strong><\/strong><\/h3><\/div><\/div><\/div>\n\n\n\n<div class=\"wp-block-uagb-info-box uagb-block-zmrr5qu0 uagb-infobox__content-wrap  uagb-infobox-icon-above-title uagb-infobox-image-valign-top\"><div class=\"uagb-ifb-content\"><div class=\"uagb-ifb-title-wrap\"><\/div><p class=\"uagb-ifb-desc\">Muzeum Perfum Fragonard w Grasse &#8211; Grasse to \u015bwiatowa stolica perfum. W muzeum poznamy histori\u0119 tworzenia zapach\u00f3w, zobaczymy, jak powstaj\u0105 perfumy, a tak\u017ce b\u0119dziemy mogli zakupi\u0107 wyj\u0105tkowe kompozycje. Ciekawostka: Grasse dostarcza\u0142o perfumy dla kr\u00f3lowej Marii Antoniny i Napoleona Bonaparte.<br>Wielki Kanion Verdon &#8211; to najwi\u0119kszy kanion w Europie, nazywany \u201eeuropejskim Grand Canyonem\u201d. Podczas wycieczki zobaczymy turkusowe jezioro, przejedziemy przez tunel wykuty w skale i zobaczymy most Pont d\u2019Artuby, z kt\u00f3rego skacz\u0105 mi\u0142o\u015bnicy bungee.&nbsp; Wp\u0142yniemy do kanionu na rowerach wodnych. Ciekawostka: Kanion Verdon jest rajem dla mi\u0142o\u015bnik\u00f3w sport\u00f3w ekstremalnych \u2013 mo\u017cna tu uprawia\u0107 wspinaczk\u0119, kajakarstwo i trekking.<\/p><\/div><\/div>\n<\/div>\n<\/div><\/div>\n\n\n\n<div class=\"wp-block-uagb-container uagb-block-tfeydrbq alignfull uagb-is-root-container\"><div class=\"uagb-container-inner-blocks-wrap\">\n<div class=\"wp-block-uagb-container uagb-block-vcbpri2x\">\n<div class=\"wp-block-uagb-info-box uagb-block-ilzotkx8 uagb-infobox__content-wrap  uagb-infobox-icon-above-title uagb-infobox-image-valign-top\"><div class=\"uagb-ifb-content\"><div class=\"uagb-ifb-title-wrap\"><h3 class=\"uagb-ifb-title\"><strong>Wycieczka do&nbsp; Frejus<\/strong><\/h3><\/div><\/div><\/div>\n\n\n\n<div class=\"wp-block-uagb-info-box uagb-block-cmnl7sb6 uagb-infobox__content-wrap  uagb-infobox-icon-above-title uagb-infobox-image-valign-top\"><div class=\"uagb-ifb-content\"><div class=\"uagb-ifb-title-wrap\"><\/div><p class=\"uagb-ifb-desc\"><br>Fr\u00e9jus &#8211;&nbsp; to miasto o staro\u017cytnych korzeniach, gdzie zobaczymy pozosta\u0142o\u015bci rzymskiego amfiteatru, akweduktu oraz port jachtowy oraz wypoczniemy na pla\u017cy. Fr\u00e9jus to tak\u017ce miejsce, gdzie krzy\u017cuj\u0105 si\u0119 wp\u0142ywy francuskie i w\u0142oskie. Ciekawostka: W Fr\u00e9jus znajduje si\u0119 jedna z najstarszych katedr we Francji \u2013 Cath\u00e9drale Saint-L\u00e9once.<\/p><\/div><\/div>\n<\/div>\n<\/div><\/div>\n\n\n\n<div class=\"wp-block-uagb-container uagb-block-sojawrd7 alignfull uagb-is-root-container\"><div class=\"uagb-container-inner-blocks-wrap\">\n<div class=\"wp-block-uagb-image uagb-block-ca4998bd wp-block-uagb-image--layout-default wp-block-uagb-image--effect-static wp-block-uagb-image--align-none\"><figure class=\"wp-block-uagb-image__figure\"><img loading=\"lazy\" decoding=\"async\" srcset=\"https:\/\/wakacje-we-francji.pl\/wp-content\/uploads\/2025\/02\/cans-1024x1024.png ,https:\/\/wakacje-we-francji.pl\/wp-content\/uploads\/2025\/02\/cans.png 780w, https:\/\/wakacje-we-francji.pl\/wp-content\/uploads\/2025\/02\/cans.png 360w\" sizes=\"auto, (max-width: 480px) 150px\" src=\"https:\/\/wakacje-we-francji.pl\/wp-content\/uploads\/2025\/02\/cans-1024x1024.png\" alt=\"\" class=\"uag-image-1777\" width=\"394\" height=\"394\" title=\"cans\" role=\"img\"\/><\/figure><\/div>\n\n\n\n<div class=\"wp-block-uagb-container uagb-block-ya0jqyrw\">\n<div class=\"wp-block-uagb-info-box uagb-block-sl7l4uhd uagb-infobox__content-wrap  uagb-infobox-icon-above-title uagb-infobox-image-valign-top\"><div class=\"uagb-ifb-content\"><div class=\"uagb-ifb-title-wrap\"><h3 class=\"uagb-ifb-title\"><strong>Wycieczka do&nbsp; Cannes&nbsp; i St. Paul de Vence<\/strong><\/h3><\/div><\/div><\/div>\n\n\n\n<div class=\"wp-block-uagb-info-box uagb-block-n1wokmyv uagb-infobox__content-wrap  uagb-infobox-icon-left-title uagb-infobox-left uagb-infobox-image-valign-top\"><div class=\"uagb-ifb-content\"><div class=\"uagb-ifb-left-title-image\"><div class=\"uagb-ifb-title-wrap\"><\/div><\/div><p class=\"uagb-ifb-desc\">Cannes &#8211; stolica festiwali filmowych! Zobaczymy s\u0142ynny Pa\u0142ac Festiwalowy, gdzie co roku odbywa si\u0119 Festiwal Filmowy w Cannes, oraz przejdziemy si\u0119 po La Croisette, eleganckiej promenadzie nad morzem. Ciekawostka: Czerwony dywan w Cannes ma 60 metr\u00f3w d\u0142ugo\u015bci i jest jednym z najbardziej rozpoznawalnych symboli kina.<br>Rejs statkiem na Wysp\u0119 \u015awi\u0119tej Ma\u0142gorzaty &#8211;&nbsp; to miejsce pe\u0142ne tajemnic i historii, po\u0142o\u017cone zaledwie 15 minut rejsu od Cannes. Zobaczymy Fort Royal \u2013 twierdza, w kt\u00f3rej wi\u0119ziony by\u0142 tajemniczy \u201eCz\u0142owiek w \u017belaznej Masce\u201d. Legenda g\u0142osi, \u017ce by\u0142 to brat bli\u017aniak kr\u00f3la Ludwika XIV. pi\u0119kne lasy piniowe, pla\u017ce i ruiny staro\u017cytnych rzymskich budowli. Mo\u017cliwo\u015b\u0107 relaksu na jednej z malowniczych pla\u017c lub k\u0105pieli w krystalicznie czystej wodzie. Ciekawostka: Wyspa by\u0142a inspiracj\u0105 dla Aleksandra Dumasa, autora \u201eTrzech muszkieter\u00f3w\u201d.<br>Wycieczka do Saint-Paul de Vence &#8211; to jedno z najpi\u0119kniejszych miasteczek na Lazurowym Wybrze\u017cu, otoczone murami obronnymi z XVI wieku. To miejsce, kt\u00f3re od wiek\u00f3w przyci\u0105ga artyst\u00f3w, pisarzy i malarzy z ca\u0142ego \u015bwiata.&nbsp; Spaceruj\u0105c w\u0105skimi, brukowanymi uliczkami,&nbsp; natkniemy si\u0119 na galerie sztuki, pracownie rzemie\u015blnicze, urokliwe kawiarnie. Ciekawostka: W Saint-Paul de Vence bywali tacy arty\u015bci jak Pablo Picasso, Marc Chagall .<\/p><div class=\"uagb-ifb-separator\"><\/div><\/div><\/div>\n\n\n\n<div class=\"wp-block-uagb-info-box uagb-block-hildpd2v uagb-infobox__content-wrap  uagb-infobox-icon-left-title uagb-infobox-left uagb-infobox-image-valign-top\"><div class=\"uagb-ifb-content\"><div class=\"uagb-ifb-left-title-image\"><div class=\"uagb-ifb-title-wrap\"><\/div><\/div><p class=\"uagb-ifb-desc\"><strong>Wycieczka&nbsp; po Wenecji&nbsp; <\/strong>(w drodze powrotnej) &#8211; zobaczymy Plac \u015awi\u0119tego Marka, bazylik\u0119, pa\u0142ac Do\u017c\u00f3w, most westchnie\u0144 i most Rialto.<\/p><div class=\"uagb-ifb-separator\"><\/div><\/div><\/div>\n<\/div>\n<\/div><\/div>\n\n\n\n<div class=\"wp-block-uagb-container uagb-block-nyhkgdaj alignfull uagb-is-root-container\"><div class=\"uagb-container-inner-blocks-wrap\">\n<div class=\"wp-block-uagb-container uagb-block-vvbqnou6\">\n<div class=\"wp-block-uagb-info-box uagb-block-thg9zxfc uagb-infobox__content-wrap  uagb-infobox-icon-above-title uagb-infobox-image-valign-top\"><div class=\"uagb-ifb-content\"><div class=\"uagb-ifb-title-wrap\"><h3 class=\"uagb-ifb-title-prefix\">Do <strong>dyspozycji apartamenty:<\/strong><\/h3><\/div><p class=\"uagb-ifb-desc\"><strong>*<\/strong> apartamenty z 1 sypialni\u0105 dla 4 os\u00f3b 32 m\u00b2.&nbsp;<br>Salon: 2 rozk\u0142adane sofy dla 2 os\u00f3b.&nbsp;<br>Sypialnia: 2 \u0142\u00f3\u017cka pojedyncze dla 2 os\u00f3b<br><strong>*<\/strong> apartamenty z 3 sypialniami dla w 6 os. 48 m\u00b2.&nbsp;<br>Sypialnia 1:2 \u0142\u00f3\u017cka pojedyncze dla 2 os\u00f3b.&nbsp;<br>Sypialnia 2:1 \u0142\u00f3\u017cko podw\u00f3jne dla 1 osoby.&nbsp;<br>Salon: 2 rozk\u0142adane sofy dla 3 os\u00f3b<br><strong>*<\/strong> apartamenty&nbsp; z 3 sypialniami dla 8 o\u015b. 55 m\u00b2.<br>Sypialnia 1:2 \u0142\u00f3\u017cka pojedyncze dla 2 os\u00f3b.<br>Sypialnia 2:1 \u0142\u00f3\u017cko podw\u00f3jne dla 1 osoby.<br>Sypialnia 3:1 \u0142\u00f3\u017cko pi\u0119trowe dla 2 os\u00f3b.&nbsp;<br>Salon: 2 rozk\u0142adane sofy dla 3 os\u00f3b<br>Apartamenty posiadaj\u0105&nbsp; aneks kuchenny z pe\u0142nym wyposa\u017ceniem, w tym lod\u00f3wk\u0105, zmywark\u0105&nbsp; WC i&nbsp; prysznic. Ka\u017cdy posiada balkon lub taras.<\/p><\/div><\/div>\n<\/div>\n\n\n\n<div class=\"wp-block-uagb-container uagb-block-wwxtaiha\">\n<div class=\"wp-block-uagb-image alignleft uagb-block-rlclvvgw wp-block-uagb-image--layout-default wp-block-uagb-image--effect-static wp-block-uagb-image--align-left\"><figure class=\"wp-block-uagb-image__figure\"><img loading=\"lazy\" decoding=\"async\" srcset=\"https:\/\/wakacje-we-francji.pl\/wp-content\/uploads\/2025\/02\/pexels-polina-kovaleva-5507228-679x1024.jpg ,https:\/\/wakacje-we-francji.pl\/wp-content\/uploads\/2025\/02\/pexels-polina-kovaleva-5507228-scaled.jpg 780w, https:\/\/wakacje-we-francji.pl\/wp-content\/uploads\/2025\/02\/pexels-polina-kovaleva-5507228-scaled.jpg 360w\" sizes=\"auto, (max-width: 480px) 150px\" src=\"https:\/\/wakacje-we-francji.pl\/wp-content\/uploads\/2025\/02\/pexels-polina-kovaleva-5507228-679x1024.jpg\" alt=\"\" class=\"uag-image-1782\" width=\"230\" height=\"360\" title=\"pexels-polina-kovaleva-5507228\" role=\"img\"\/><\/figure><\/div>\n\n\n\n<div class=\"wp-block-uagb-image alignleft uagb-block-wjtifeqz wp-block-uagb-image--layout-default wp-block-uagb-image--effect-static wp-block-uagb-image--align-left\"><figure class=\"wp-block-uagb-image__figure\"><img loading=\"lazy\" decoding=\"async\" srcset=\"https:\/\/wakacje-we-francji.pl\/wp-content\/uploads\/2025\/02\/pexels-sarah-486644806-30848573-683x1024.jpg ,https:\/\/wakacje-we-francji.pl\/wp-content\/uploads\/2025\/02\/pexels-sarah-486644806-30848573-scaled.jpg 780w, https:\/\/wakacje-we-francji.pl\/wp-content\/uploads\/2025\/02\/pexels-sarah-486644806-30848573-scaled.jpg 360w\" sizes=\"auto, (max-width: 480px) 150px\" src=\"https:\/\/wakacje-we-francji.pl\/wp-content\/uploads\/2025\/02\/pexels-sarah-486644806-30848573-683x1024.jpg\" alt=\"\" class=\"uag-image-1783\" width=\"230\" height=\"360\" title=\"pexels-sarah-486644806-30848573\" role=\"img\"\/><\/figure><\/div>\n<\/div>\n<\/div><\/div>\n\n\n\n<div class=\"wp-block-uagb-container uagb-block-9kox2lkj alignfull uagb-is-root-container\"><div class=\"uagb-container-inner-blocks-wrap\">\n<div class=\"wp-block-uagb-container uagb-block-1ikh1e8h\">\n<div class=\"wp-block-uagb-info-box uagb-block-xdqse5rc uagb-infobox__content-wrap  uagb-infobox-icon-above-title uagb-infobox-image-valign-top\"><div class=\"uagb-ifb-content\"><div class=\"uagb-ifb-title-wrap\"><\/div><p class=\"uagb-ifb-desc\"><strong>Uwagi:<\/strong> <br>1. Po przyje\u017adzie do rezydencji od uczestnik\u00f3w&nbsp; przy zakwaterowaniu pobierana jest kaucja zwrotna got\u00f3wk\u0105 w wysoko\u015bci 50 euro, kt\u00f3ra zostanie zwr\u00f3cona w dniu wyjazdu, o ile nie zosta\u0142y wyrz\u0105dzone szkody w apartamencie i rezydencji .<br>2. Ka\u017cdy uczestnik ma zapewnione w\u0142asne \u0142\u00f3\u017cko, po\u015bciel i r\u0119czniki.&nbsp;<br>3. Kuchenne \u015brodki czysto\u015bci , worki na \u015bmieci, papier toaletowy&nbsp; do dyspozycji.<br>4. Na koniec pobytu uczestnicy musz\u0105 posprz\u0105ta\u0107 apartament i wynie\u015b\u0107 \u015bmierci . W przypadku, nie dope\u0142nienia tego obowi\u0105zku&nbsp; op\u0142ata zostanie pobrana z depozytu.<\/p><\/div><\/div>\n<\/div>\n\n\n\n<div class=\"wp-block-uagb-container uagb-block-ox2y6wd7\">\n<div class=\"wp-block-uagb-info-box uagb-block-yjxgs0ws uagb-infobox__content-wrap  uagb-infobox-icon-above-title uagb-infobox-image-valign-top wp-block-uagb-info-box--has-margin\"><div class=\"uagb-infobox-margin-wrapper\"><div class=\"uagb-ifb-content\"><div class=\"uagb-ifb-title-wrap\"><h3 class=\"uagb-ifb-title-prefix\">01<\/h3><h4 class=\"uagb-ifb-title\"><strong>Wy\u017cywienie:<\/strong><\/h4><\/div><p class=\"uagb-ifb-desc\"><strong>\u015aniadania bufet :<\/strong>pieczywo tostowe, \u015bwie\u017ce bagietki, croissanty, w\u0119dliny, sery twarde, topione, pomidory, og\u00f3rki, d\u017cemy, p\u0142atki, soki naturalne, woda, herbata, mleko, kawa, czekolada.<\/p><\/div><\/div><\/div>\n\n\n\n<div class=\"wp-block-uagb-info-box uagb-block-agdpeplr uagb-infobox__content-wrap  uagb-infobox-icon-above-title uagb-infobox-image-valign-top wp-block-uagb-info-box--has-margin\"><div class=\"uagb-infobox-margin-wrapper\"><div class=\"uagb-ifb-content\"><div class=\"uagb-ifb-title-wrap\"><h3 class=\"uagb-ifb-title-prefix\">02<\/h3><\/div><p class=\"uagb-ifb-desc\"><strong>Lunch w rezydencji lub lunch pakiet&nbsp; na wyjazd <\/strong>&nbsp;&#8211; zupa, deser, grenadyna a pakiet ciastko, baton, 2 owoce, woda niegazowana 1,5 l.<\/p><\/div><\/div><\/div>\n\n\n\n<div class=\"wp-block-uagb-info-box uagb-block-j1hxn3fp uagb-infobox__content-wrap  uagb-infobox-icon-above-title uagb-infobox-image-valign-top wp-block-uagb-info-box--has-margin\"><div class=\"uagb-infobox-margin-wrapper\"><div class=\"uagb-ifb-content\"><div class=\"uagb-ifb-title-wrap\"><h3 class=\"uagb-ifb-title-prefix\">03<\/h3><\/div><p class=\"uagb-ifb-desc\"><strong>Obiadokolacje<\/strong> &#8211; 1 danie, spaghetti, paella z owocami morza lub drobiem, cordon bleu, zrazy, kurczaki, kotlety, puree ziemniaczane, ry\u017c, makarony, \u015bwie\u017ce sur\u00f3wki, marchewka z groszkiem, og\u00f3rki, deser ( jogurt, ciasto,&nbsp; owoc), napoje.<\/p><\/div><\/div><\/div>\n\n\n\n<div class=\"wp-block-uagb-info-box uagb-block-9c7dd405 uagb-infobox__content-wrap  uagb-infobox-icon-above-title uagb-infobox-image-valign-top wp-block-uagb-info-box--has-margin\"><div class=\"uagb-infobox-margin-wrapper\"><div class=\"uagb-ifb-content\"><div class=\"uagb-ifb-title-wrap\"><h6 class=\"uagb-ifb-title-prefix\">03<\/h6><\/div><p class=\"uagb-ifb-desc\"><strong>Lunch pakiet&nbsp; na wyjazd do Polski<\/strong> &#8211; ciastko, 2 owoce, kanapka 1 bagietka z szynk\u0105, serem , mas\u0142em, woda niegazowana 1,5 l.<br><strong>Uwaga:<\/strong> diety specjalne (bezglutenowa, wega\u0144ska) musz\u0105 by\u0107 zg\u0142oszone przed wyjazdem.<\/p><\/div><\/div><\/div>\n<\/div>\n<\/div><\/div>\n\n\n\n<div class=\"wp-block-uagb-container uagb-block-wyjrnb0y alignfull uagb-is-root-container\"><div class=\"uagb-container-inner-blocks-wrap\">\n<div class=\"wp-block-uagb-info-box uagb-block-ixlqfw7u uagb-infobox__content-wrap  uagb-infobox-icon-above-title uagb-infobox-image-valign-top\"><div class=\"uagb-ifb-content\"><div class=\"uagb-ifb-title-wrap\"><h2 class=\"uagb-ifb-title\">Cena:<\/h2><\/div><p class=\"uagb-ifb-desc\"><strong>3540 z\u0142\/os. + 250 euro\/os. p\u0142atane na miejscu we Francji <\/strong><br><br><strong>Uwaga:<\/strong> kalkulacja dokonana dla\u00a0 50 uczestnik\u00f3w oraz 3 opiekun\u00f3w i 1 pilot &#8211; przewodnik.<br>W przypadku mniejszej ilo\u015bci os\u00f3b ch\u0119tnych cena ulegnie zmianie.\u00a0<br><br><br><strong>Cena obejmuje:<\/strong><br><br>Przejazd autokarem (WC, klimatyzacja, DVD).<br>7 nocleg\u00f3w w apartamentach.<br>Wy\u017cywienie zgodnie z ofert\u0105.<br>Ubezpieczenie Signal Iduna Bezpieczne Podr\u00f3\u017ce KL 90.000 EUR, NNW 30.000 PLN, baga\u017c 2000 PLN.<br>Opiek\u0119 kadry pedagogicznej\u00a0<br>Opiek\u0119 pilota z j\u0119zykiem francuskim z doskona\u0142\u0105 znajomo\u015bci\u0105 programu.\u00a0<br>Wszystkie wycieczki, bilety wst\u0119pu, bilety na statek, wynajem rower\u00f3w wodnych.<br>Taks\u0119 klimatyczn\u0105 w rezydencji.<br>Taks\u0119 weneck\u0105.<br>Sk\u0142adk\u0119 na Turystyczny Fundusz Gwarancyjny TFG i Turystyczny Fundusz Pomocowy TFP<br><strong>Zapraszamy do wsp\u00f3lnej podr\u00f3\u017cy! <\/strong>\ud83c\uddeb\ud83c\uddf7\u00a0<br><br>Organizator: Biuro Podr\u00f3\u017cy Opawy\u00a0\u00a0\u00a0\u00a0\u00a0\u00a0\u00a0\u00a0\u00a0\u00a0\u00a0\u00a0\u00a0\u00a0\u00a0\u00a0\u00a0\u00a0\u00a0\u00a0<br><\/p><\/div><\/div>\n<\/div><\/div>","protected":false},"excerpt":{"rendered":"<p>Wycieczka na Lazurowe Wybrze\u017ce&nbsp;od 30.05 do 08.06.2025&nbsp;<\/p>","protected":false},"author":2,"featured_media":0,"parent":0,"menu_order":0,"comment_status":"closed","ping_status":"closed","template":"","meta":{"_uag_custom_page_level_css":"","footnotes":""},"class_list":["post-1482","page","type-page","status-publish","hentry"],"uagb_featured_image_src":{"full":false,"thumbnail":false,"medium":false,"medium_large":false,"large":false,"1536x1536":false,"2048x2048":false,"trp-custom-language-flag":false},"uagb_author_info":{"display_name":"janusz","author_link":"https:\/\/wakacje-we-francji.pl\/en\/author\/janusz\/"},"uagb_comment_info":0,"uagb_excerpt":"Wycieczka na Lazurowe Wybrze\u017ce&nbsp;od 30.05 do 08.06.2025&nbsp;","_links":{"self":[{"href":"https:\/\/wakacje-we-francji.pl\/en\/wp-json\/wp\/v2\/pages\/1482","targetHints":{"allow":["GET"]}}],"collection":[{"href":"https:\/\/wakacje-we-francji.pl\/en\/wp-json\/wp\/v2\/pages"}],"about":[{"href":"https:\/\/wakacje-we-francji.pl\/en\/wp-json\/wp\/v2\/types\/page"}],"author":[{"embeddable":true,"href":"https:\/\/wakacje-we-francji.pl\/en\/wp-json\/wp\/v2\/users\/2"}],"replies":[{"embeddable":true,"href":"https:\/\/wakacje-we-francji.pl\/en\/wp-json\/wp\/v2\/comments?post=1482"}],"version-history":[{"count":46,"href":"https:\/\/wakacje-we-francji.pl\/en\/wp-json\/wp\/v2\/pages\/1482\/revisions"}],"predecessor-version":[{"id":2012,"href":"https:\/\/wakacje-we-francji.pl\/en\/wp-json\/wp\/v2\/pages\/1482\/revisions\/2012"}],"wp:attachment":[{"href":"https:\/\/wakacje-we-francji.pl\/en\/wp-json\/wp\/v2\/media?parent=1482"}],"curies":[{"name":"wp","href":"https:\/\/api.w.org\/{rel}","templated":true}]}}